{"id":76,"date":"2014-10-29T14:55:05","date_gmt":"2014-10-29T14:55:05","guid":{"rendered":"http:\/\/themes.muffingroup.com\/be\/vet\/?page_id=2"},"modified":"2018-07-09T13:23:38","modified_gmt":"2018-07-09T13:23:38","slug":"home","status":"publish","type":"page","link":"https:\/\/xn--atreveteasoar-skb.org.uy\/es\/","title":{"rendered":"Home"},"content":{"rendered":"<section class=\"wpb-content-wrapper\"><p>[vc_row el_id=\u00bbquienes\u00bb css=\u00bb.vc_custom_1503348784010{padding-top: 40px !important;}\u00bb][vc_column width=\u00bb1\/4&#8243;][vc_single_image image=\u00bb186&#8243; img_size=\u00bb300&#215;300&#8243; alignment=\u00bbcenter\u00bb style=\u00bbvc_box_rounded\u00bb][vc_column_text]<\/p>\n<h3 style=\"text-align: center;\">\u00bfQui\u00e9nes somos?<\/h3>\n<p style=\"text-align: center;\">Somos un centro de apoyo que brinda herramientas y recursos a ni\u00f1os y ni\u00f1as de Primaria que necesitan ayuda para mejorar su rendimiento escolar como base para un buen desarrollo integral. \u00a0Atr\u00e9vete a So\u00f1ar existe desde 2003<\/p>\n<p>[\/vc_column_text][\/vc_column][vc_column width=\u00bb1\/4&#8243;][vc_single_image image=\u00bb187&#8243; img_size=\u00bb300&#215;300&#8243; alignment=\u00bbcenter\u00bb style=\u00bbvc_box_rounded\u00bb][vc_column_text]<\/p>\n<h3 style=\"text-align: center;\">Misi\u00f3n:<\/h3>\n<p style=\"text-align: center;\">Contrarrestar y combatir la desigualdad social motivando a la gente a hacerse cargo de su propio destino, estimulando el desarrollo \u00f3ptimo de su mente.<br \/>\nOfrecer un espacio de encuentro, al cual la gente se puede dirigir para expresar sus necesidades, buscar consejo y ayuda, y as\u00ed hacer un impacto positivo en el distrito Shangril\u00e1.<\/p>\n<p>[\/vc_column_text][\/vc_column][vc_column width=\u00bb1\/4&#8243;][vc_single_image image=\u00bb305&#8243; img_size=\u00bb300&#215;300&#8243; alignment=\u00bbcenter\u00bb style=\u00bbvc_box_circle_2&#8243;][vc_column_text]<\/p>\n<h3 style=\"text-align: center;\">Responsables a cargo del proyecto<\/h3>\n<div class=\"entry-content\">\n<div class=\"section the_content has_content\">\n<div class=\"section_wrapper\">\n<div class=\"the_content_wrapper\">\n<p style=\"text-align: center;\"><strong>Ernst Woelcke<\/strong> \u2013 <em>Presidente de la Conferencia Mennonita Alemana del Uruguay<\/em><\/p>\n<p style=\"text-align: center;\"><strong>Jonathan Marroqu\u00edn<\/strong> \u2013 <em>Coordinador de Atr\u00e9vete a So\u00f1ar<\/em><\/p>\n<\/div>\n<\/div>\n<\/div>\n<\/div>\n<div class=\"section section-post-footer\"><\/div>\n<p>[\/vc_column_text][\/vc_column][vc_column width=\u00bb1\/4&#8243;][vc_single_image image=\u00bb388&#8243; img_size=\u00bb300&#215;300&#8243; alignment=\u00bbcenter\u00bb style=\u00bbvc_box_circle_2&#8243;][vc_column_text]<\/p>\n<h3 style=\"text-align: center;\">Directora de Atr\u00e9vete a So\u00f1ar.<\/h3>\n<div class=\"entry-content\">\n<div class=\"section the_content has_content\">\n<div class=\"section_wrapper\">\n<div class=\"the_content_wrapper\">\n<p style=\"text-align: center;\"><b>Christa Penner.<\/b><\/p>\n<\/div>\n<\/div>\n<\/div>\n<\/div>\n<p>[\/vc_column_text][\/vc_column][\/vc_row][vc_row full_width=\u00bbstretch_row_content_no_spaces\u00bb parallax=\u00bbcontent-moving\u00bb parallax_image=\u00bb300&#8243;][vc_column][vc_custom_heading text=\u00bbVisi\u00f3n:<br \/>\nSer un lugar que ayude en la construcci\u00f3n de una sociedad<br \/>\nsaludable y digna, mediante la renovaci\u00f3n de la mente.\u00bb font_container=\u00bbtag:h3|text_align:center|color:%23ffffff\u00bb use_theme_fonts=\u00bbyes\u00bb css=\u00bb.vc_custom_1510952832022{padding-top: 60px !important;padding-right: 0px !important;padding-bottom: 60px !important;padding-left: 0px !important;}\u00bb][\/vc_column][\/vc_row][vc_row full_width=\u00bbstretch_row\u00bb el_id=\u00bbque\u00bb css=\u00bb.vc_custom_1510953989878{padding-top: 40px !important;background-color: #ffffff !important;}\u00bb][vc_column width=\u00bb1\/3&#8243;][vc_single_image image=\u00bb189&#8243; img_size=\u00bb\u00bb alignment=\u00bbcenter\u00bb][\/vc_column][vc_column width=\u00bb1\/3&#8243;][vc_column_text]<\/p>\n<h3 style=\"text-align: center;\">\u00bfQu\u00e9 hacemos?<\/h3>\n<p>&nbsp;<\/p>\n<p style=\"text-align: center;\">Contenido General: \u00a0 \u00a0Desarrollar las capacidades y habilidades de los ni\u00f1os del barrio, ayud\u00e1ndoles en el cumplimiento de los deberes escolares y proponi\u00e9ndoles diferentes talleres y actividades para expresarse y aprender.<\/p>\n<p>[\/vc_column_text][\/vc_column][vc_column width=\u00bb1\/3&#8243;][vc_single_image image=\u00bb120&#8243; img_size=\u00bb\u00bb][\/vc_column][\/vc_row][vc_row css=\u00bb.vc_custom_1511282122889{padding-top: 40px !important;}\u00bb el_id=\u00bbactividadesytalleres\u00bb][vc_column width=\u00bb1\/3&#8243;][vc_column_text]<\/p>\n<h3>Actividades y talleres:<\/h3>\n<ul>\n<li>Deberes escolares<\/li>\n<li>Lecto-escritura y expresi\u00f3n oral<\/li>\n<li>Razonamiento l\u00f3gico-matem\u00e1tico<\/li>\n<li>Expresi\u00f3n pl\u00e1stica<\/li>\n<li>Carpinter\u00eda<\/li>\n<li>Cocina<\/li>\n<li>Quinta<\/li>\n<li>Juego y recreaci\u00f3n<\/li>\n<li>Ense\u00f1anza b\u00edblica\/valores<\/li>\n<li>Paseos y eventos especiales<\/li>\n<\/ul>\n<p>[\/vc_column_text][\/vc_column][vc_column width=\u00bb2\/3&#8243;][vc_video link=\u00bbhttps:\/\/youtu.be\/24wFMdiiNE0&#8243; align=\u00bbcenter\u00bb][\/vc_column][\/vc_row][vc_row full_width=\u00bbstretch_row\u00bb css=\u00bb.vc_custom_1511281994857{padding-top: 40px !important;background-color: #1b75bc !important;}\u00bb el_id=\u00bbobjetivos\u00bb][vc_column width=\u00bb1\/3&#8243;][vc_column_text]<\/p>\n<h3 style=\"text-align: right;\"><span style=\"color: #ffffff;\">Proyecci\u00f3n:<\/span><\/h3>\n<p style=\"text-align: right;\"><span style=\"color: #ffffff;\">Dirigido a ni\u00f1os en edad escolar que tienen dificultades para aprender cuyos padres no est\u00e1n en condiciones de ayudarles. Queremos apoyarlos y fomentarlos para que desarrollen las actitudes y habilidades que necesitan para progresar en la escuela y lograr un buen desarrollo de su personalidad y as\u00ed integrarse positivamente en la sociedad.<\/span><\/p>\n<p>[\/vc_column_text][\/vc_column][vc_column width=\u00bb1\/3&#8243;][vc_single_image image=\u00bb188&#8243; img_size=\u00bbfull\u00bb alignment=\u00bbcenter\u00bb][\/vc_column][vc_column width=\u00bb1\/3&#8243;][vc_column_text]<\/p>\n<h3 style=\"text-align: left;\"><span style=\"color: #ffffff;\">Objetivos espec\u00edficos:<\/span><\/h3>\n<ul>\n<li style=\"text-align: left;\"><span style=\"color: #ffffff;\">\u00a0Fomentar el desarrollo de un estilo de vida enfocado hacia una meta.<\/span><\/li>\n<li style=\"text-align: left;\"><span style=\"color: #ffffff;\">Desarrollar el gusto por aprender y hacer.<\/span><\/li>\n<li style=\"text-align: left;\"><span style=\"color: #ffffff;\">Desarrollar el sentido de responsabilidad, la disposici\u00f3n hacia el esfuerzo y la perseverancia.<\/span><\/li>\n<li style=\"text-align: left;\"><span style=\"color: #ffffff;\">Fortalecer el sentido de familia, amor y obediencia.<\/span><\/li>\n<li style=\"text-align: left;\"><span style=\"color: #ffffff;\">Fomentar una actitud respetuosa y amable hacia todas las personas.<\/span><\/li>\n<li style=\"text-align: left;\"><span style=\"color: #ffffff;\">Fomentar una cultura de resolver conflictos en forma pac\u00edfica.<\/span><\/li>\n<\/ul>\n<p>[\/vc_column_text][\/vc_column][\/vc_row][vc_row full_width=\u00bbstretch_row_content\u00bb][vc_column][vc_masonry_media_grid style=\u00bblazy\u00bb items_per_page=\u00bb4&#8243; element_width=\u00bb2&#8243; gap=\u00bb0&#8243; item=\u00bbmediaGrid_Default\u00bb initial_loading_animation=\u00bbfadeIn\u00bb grid_id=\u00bbvc_gid:1531142009066-563591c1-2291-3&#8243; include=\u00bb158,157,156,155,154,153,152,146,147,148,150,151,145,144,143,142,141,161&#8243;][\/vc_column][\/vc_row][vc_row full_width=\u00bbstretch_row\u00bb parallax=\u00bbcontent-moving\u00bb parallax_image=\u00bb300&#8243; css=\u00bb.vc_custom_1510956316341{padding-top: 40px !important;background-color: #ffffff !important;}\u00bb el_id=\u00bbdonar\u00bb][vc_column width=\u00bb1\/3&#8243;][vc_custom_heading text=\u00bbPuedes ser parte del proyecto\u00bb font_container=\u00bbtag:h2|text_align:center|color:%23ffffff\u00bb use_theme_fonts=\u00bbyes\u00bb][\/vc_column][vc_column width=\u00bb1\/3&#8243;][vc_column_text]<\/p>\n<p style=\"text-align: center;\"><span style=\"color: #ffffff;\">Te ofrecemos la posibilidad de acompa\u00f1arnos en esta labor sumando esperanza y sue\u00f1os a los ni\u00f1os de Shangril\u00e1 \u2013 Ciudad de la Costa.<\/span><\/p>\n<p style=\"text-align: center;\"><span style=\"color: #ffffff;\">Sea que vivas en nuestro pa\u00eds o en el exterior puedes donar ahora a trav\u00e9s de Paypal, con tu tarjeta de cr\u00e9dito o d\u00e9bito.\u00a0 O en forma personal en nuestro centro.<\/span><\/p>\n<p>[\/vc_column_text][\/vc_column][vc_column width=\u00bb1\/3&#8243;][vc_column_text]<\/p>\n<form action=\"https:\/\/www.paypal.com\/cgi-bin\/webscr\" method=\"post\" target=\"_top\"><input name=\"cmd\" type=\"hidden\" value=\"_s-xclick\" \/><br \/>\n<input name=\"encrypted\" type=\"hidden\" value=\"-----BEGIN PKCS7-----MIIHfwYJKoZIhvcNAQcEoIIHcDCCB2wCAQExggEwMIIBLAIBADCBlDCBjjELMAkGA1UEBhMCVVMxCzAJBgNVBAgTAkNBMRYwFAYDVQQHEw1Nb3VudGFpbiBWaWV3MRQwEgYDVQQKEwtQYXlQYWwgSW5jLjETMBEGA1UECxQKbGl2ZV9jZXJ0czERMA8GA1UEAxQIbGl2ZV9hcGkxHDAaBgkqhkiG9w0BCQEWDXJlQHBheXBhbC5jb20CAQAwDQYJKoZIhvcNAQEBBQAEgYBOI5cjh\/kY6i5NMnp42a2kEKyBlC2Qq262Owlp1U6j0U2dh3dfNBbGc77oDxECmQtnYmCbyQ3LPkXLbzCcLnNBH+2nTzu+E4Mw4LkFMEKZInGtmHMbeCi\/tr1BhisuMI6r8ADjT543VUggDTduR6yiZyfbV0B\/rEoJUGOLUmLlZTELMAkGBSsOAwIaBQAwgfwGCSqGSIb3DQEHATAUBggqhkiG9w0DBwQIVoE1hC6baaCAgdgA\/d6G8ApRcuHXmqJxv8a26UtlBf6PQ+mV5MrESDp5ueSuIcoVqAPR8fZQElHzu8phvn6uTCS1JiavXFzudOfhPb0BZPl7NTP+dE1t3hc9Oe5QMk8m343lNPJZtOGxsFyi04vUsHf5TDbeMAziTwHnpmkO1cQlUFJ0MuTDBNMLwclRB2\/2GEORUJhe3r8u++JUuNrn1i10RCQV0cPg2mcQ5A0aGuQy\/7mOHUovWWT1rSxSSbHHpEt04xG5tWiwVEpiaYX8UkUmpDj1qEVkKo8uoKp3mhlwsCCgggOHMIIDgzCCAuygAwIBAgIBADANBgkqhkiG9w0BAQUFADCBjjELMAkGA1UEBhMCVVMxCzAJBgNVBAgTAkNBMRYwFAYDVQQHEw1Nb3VudGFpbiBWaWV3MRQwEgYDVQQKEwtQYXlQYWwgSW5jLjETMBEGA1UECxQKbGl2ZV9jZXJ0czERMA8GA1UEAxQIbGl2ZV9hcGkxHDAaBgkqhkiG9w0BCQEWDXJlQHBheXBhbC5jb20wHhcNMDQwMjEzMTAxMzE1WhcNMzUwMjEzMTAxMzE1WjCBjjELMAkGA1UEBhMCVVMxCzAJBgNVBAgTAkNBMRYwFAYDVQQHEw1Nb3VudGFpbiBWaWV3MRQwEgYDVQQKEwtQYXlQYWwgSW5jLjETMBEGA1UECxQKbGl2ZV9jZXJ0czERMA8GA1UEAxQIbGl2ZV9hcGkxHDAaBgkqhkiG9w0BCQEWDXJlQHBheXBhbC5jb20wgZ8wDQYJKoZIhvcNAQEBBQADgY0AMIGJAoGBAMFHTt38RMxLXJyO2SmS+Ndl72T7oKJ4u4uw+6awntALWh03PewmIJuzbALScsTS4sZoS1fKciBGoh11gIfHzylvkdNe\/hJl66\/RGqrj5rFb08sAABNTzDTiqqNpJeBsYs\/c2aiGozptX2RlnBktH+SUNpAajW724Nv2Wvhif6sFAgMBAAGjge4wgeswHQYDVR0OBBYEFJaffLvGbxe9WT9S1wob7BDWZJRrMIG7BgNVHSMEgbMwgbCAFJaffLvGbxe9WT9S1wob7BDWZJRroYGUpIGRMIGOMQswCQYDVQQGEwJVUzELMAkGA1UECBMCQ0ExFjAUBgNVBAcTDU1vdW50YWluIFZpZXcxFDASBgNVBAoTC1BheVBhbCBJbmMuMRMwEQYDVQQLFApsaXZlX2NlcnRzMREwDwYDVQQDFAhsaXZlX2FwaTEcMBoGCSqGSIb3DQEJARYNcmVAcGF5cGFsLmNvbYIBADAMBgNVHRMEBTADAQH\/MA0GCSqGSIb3DQEBBQUAA4GBAIFfOlaagFrl71+jq6OKidbWFSE+Q4FqROvdgIONth+8kSK\/\/Y\/4ihuE4Ymvzn5ceE3S\/iBSQQMjyvb+s2TWbQYDwcp129OPIbD9epdr4tJOUNiSojw7BHwYRiPh58S1xGlFgHFXwrEBb3dgNbMUa+u4qectsMAXpVHnD9wIyfmHMYIBmjCCAZYCAQEwgZQwgY4xCzAJBgNVBAYTAlVTMQswCQYDVQQIEwJDQTEWMBQGA1UEBxMNTW91bnRhaW4gVmlldzEUMBIGA1UEChMLUGF5UGFsIEluYy4xEzARBgNVBAsUCmxpdmVfY2VydHMxETAPBgNVBAMUCGxpdmVfYXBpMRwwGgYJKoZIhvcNAQkBFg1yZUBwYXlwYWwuY29tAgEAMAkGBSsOAwIaBQCgXTAYBgkqhkiG9w0BCQMxCwYJKoZIhvcNAQcBMBwGCSqGSIb3DQEJBTEPFw0xODA3MDUxNDU0MzFaMCMGCSqGSIb3DQEJBDEWBBT32qL8zMuXkkGUs2yIyYLuCAPhADANBgkqhkiG9w0BAQEFAASBgGf2sHW+ije0hPCRixkkhd8s1w1QTjl+Rj4EZOMgxh42\/rG62WPFiAJ\/\/Z9scDzsEwidWjl9WlY9OCSvsjJYD8wT\/r4XjnYQemldvEzy7h9wN\/PXqhGavu8zgQidr4H0oA+XVzwLrb7JPdHUF5uJ5fki0560Z4uasL58iW2ceEm7-----END PKCS7----- \" \/><br \/>\n<input alt=\"PayPal \u2013 The safer, easier way to pay online!\" name=\"submit\" src=\"https:\/\/www.paypalobjects.com\/en_US\/GB\/i\/btn\/btn_donateCC_LG.gif\" type=\"image\" \/><br \/>\n<img decoding=\"async\" loading=\"lazy\" src=\"https:\/\/www.paypalobjects.com\/es_XC\/i\/scr\/pixel.gif\" alt=\"\" width=\"1\" height=\"1\" border=\"0\" \/><\/form>\n<p>[\/vc_column_text][\/vc_column][\/vc_row][vc_row css=\u00bb.vc_custom_1508358845913{padding-top: 40px !important;}\u00bb el_id=\u00bbcontacto\u00bb][vc_column width=\u00bb1\/4&#8243;][vc_column_text]<\/p>\n<h3 class=\"title\" style=\"text-align: center;\">Cont\u00e1ctanos<\/h3>\n<div class=\"inside\" style=\"text-align: center;\"><big>Esperamos tu contacto y a la brevedad te contestaremos<\/big><\/div>\n<p>[\/vc_column_text][vc_column_text]<div class=\"list_item lists_5 clearfix\"><div class=\"list_left list_icon\"><i class=\"icon-mail-line\"><\/i><\/div><div class=\"list_right\"><h4>e-mail<\/h4><div class=\"desc\">info@atreveteaso\u00f1ar.org.uy<\/div><\/div><\/div>\n<br \/>\n<div class=\"list_item lists_6 clearfix\"><div class=\"list_left list_icon\"><i class=\"icon-comment-line\"><\/i><\/div><div class=\"list_right\"><h4>Puedes llamarnos al<\/h4><div class=\"desc\">+99 511 367<\/div><\/div><\/div>\n<br \/>\n<div class=\"list_item lists_6 clearfix\"><div class=\"list_left list_icon\"><i class=\"icon-doc-line\"><\/i><\/div><div class=\"list_right\"><h4>Direcci\u00f3n<\/h4><div class=\"desc\">San Luis entre Avda. Uruguay y Par\u00eds &#8211; Shangril\u00e1 &#8211; Ciudad de la Costa<\/div><\/div><\/div>\n[\/vc_column_text][\/vc_column][vc_column width=\u00bb2\/6&#8243;][vc_column_text]\n<div class=\"wpcf7 no-js\" id=\"wpcf7-f83-o1\" lang=\"es-ES\" dir=\"ltr\">\n<div class=\"screen-reader-response\"><p role=\"status\" aria-live=\"polite\" aria-atomic=\"true\"><\/p> <ul><\/ul><\/div>\n<form action=\"\/es\/wp-json\/wp\/v2\/pages\/76#wpcf7-f83-o1\" method=\"post\" class=\"wpcf7-form init\" aria-label=\"Formulario de contacto\" novalidate=\"novalidate\" data-status=\"init\">\n<div style=\"display: none;\">\n<input type=\"hidden\" name=\"_wpcf7\" value=\"83\" \/>\n<input type=\"hidden\" name=\"_wpcf7_version\" value=\"5.7.7\" \/>\n<input type=\"hidden\" name=\"_wpcf7_locale\" value=\"es_ES\" \/>\n<input type=\"hidden\" name=\"_wpcf7_unit_tag\" value=\"wpcf7-f83-o1\" \/>\n<input type=\"hidden\" name=\"_wpcf7_container_post\" value=\"0\" \/>\n<input type=\"hidden\" name=\"_wpcf7_posted_data_hash\" value=\"\" \/>\n<\/div>\n<p><label> Nombre y Apellido (requerido)<br \/>\n<span class=\"wpcf7-form-control-wrap\" data-name=\"your-name\"><input size=\"40\" class=\"wpcf7-form-control wpcf7-text wpcf7-validates-as-required\" aria-required=\"true\" aria-invalid=\"false\" value=\"\" type=\"text\" name=\"your-name\" \/><\/span> <\/label>\n<\/p>\n<p><label> Tel\u00e9fono (requerido)<br \/>\n<span class=\"wpcf7-form-control-wrap\" data-name=\"tel-371\"><input size=\"40\" class=\"wpcf7-form-control wpcf7-text wpcf7-tel wpcf7-validates-as-required wpcf7-validates-as-tel\" aria-required=\"true\" aria-invalid=\"false\" value=\"\" type=\"tel\" name=\"tel-371\" \/><\/span><\/label>\n<\/p>\n<p><label> Tu correo electr\u00f3nico (requerido)<br \/>\n<span class=\"wpcf7-form-control-wrap\" data-name=\"your-email\"><input size=\"40\" class=\"wpcf7-form-control wpcf7-text wpcf7-email wpcf7-validates-as-required wpcf7-validates-as-email\" aria-required=\"true\" aria-invalid=\"false\" value=\"\" type=\"email\" name=\"your-email\" \/><\/span> <\/label>\n<\/p>\n<p><label> Asunto<br \/>\n<span class=\"wpcf7-form-control-wrap\" data-name=\"your-subject\"><input size=\"40\" class=\"wpcf7-form-control wpcf7-text\" aria-invalid=\"false\" value=\"\" type=\"text\" name=\"your-subject\" \/><\/span> <\/label>\n<\/p>\n<p><label> Mensaje<br \/>\n<span class=\"wpcf7-form-control-wrap\" data-name=\"your-message\"><textarea cols=\"40\" rows=\"10\" class=\"wpcf7-form-control wpcf7-textarea\" aria-invalid=\"false\" name=\"your-message\"><\/textarea><\/span> <\/label>\n<\/p>\n<p><input class=\"wpcf7-form-control has-spinner wpcf7-submit\" type=\"submit\" value=\"Enviar\" \/>\n<\/p><div class=\"wpcf7-response-output\" aria-hidden=\"true\"><\/div>\n<\/form>\n<\/div>\n[\/vc_column_text][\/vc_column][vc_column width=\u00bb2\/6&#8243;][vc_column_text]<iframe loading=\"lazy\" style=\"border: 0;\" src=\"https:\/\/www.google.com\/maps\/embed?pb=!1m18!1m12!1m3!1d3274.445064187734!2d-56.000983584763866!3d-34.845042680397654!2m3!1f0!2f0!3f0!3m2!1i1024!2i768!4f13.1!3m3!1m2!1s0x959f885f61e0effd%3A0xb979b24be4b0ce01!2zQXRyw6l2ZXRlIGEgU2_DsWFy!5e0!3m2!1ses-419!2s!4v1497542091696\" width=\"600\" height=\"500\" frameborder=\"0\" allowfullscreen=\"allowfullscreen\"><\/iframe>[\/vc_column_text][\/vc_column][\/vc_row][vc_row full_width=\u00bbstretch_row\u00bb css=\u00bb.vc_custom_1510956753444{padding-top: 40px !important;background-color: #00a79d !important;}\u00bb][vc_column width=\u00bb1\/3&#8243;][vc_single_image image=\u00bb297&#8243; img_size=\u00bbmedium\u00bb][\/vc_column][vc_column width=\u00bb1\/3&#8243;][vc_column_text]<span style=\"color: #ffffff;\"><em>El proyecto comenz\u00f3 en\u00a0marzo del 2013<\/em><\/span><\/p>\n<p><span style=\"color: #ffffff;\"><strong>Per\u00edodo de atenci\u00f3n:<\/strong> febrero a diciembre<\/span><\/p>\n<p><span style=\"color: #ffffff;\"><strong>Horarios:<\/strong> lunes a viernes de 10.00 \u2013 12.00 y de 13.00 \u2013 17.00 horas<\/span>[\/vc_column_text][\/vc_column][vc_column width=\u00bb1\/3&#8243;][vc_column_text]<span style=\"color: #ffffff;\"><strong>Sustentado por<\/strong> : Iglesia Evang\u00e9lica Mennonita<\/span><\/p>\n<p><span style=\"color: #ffffff;\">Le ofrecemos la opci\u00f3n de <a style=\"color: #ffffff;\" href=\"#donar\">DONAR<\/a> para continuar creciendo y sosteniendo el proyecto.<\/span>[\/vc_column_text][\/vc_column][\/vc_row]<\/p>\n<\/section>","protected":false},"excerpt":{"rendered":"<p>[vc_row el_id=\u00bbquienes\u00bb css=\u00bb.vc_custom_1503348784010{padding-top: 40px !important;}\u00bb][vc_column width=\u00bb1\/4&#8243;][vc_single_image image=\u00bb186&#8243; img_size=\u00bb300&#215;300&#8243; alignment=\u00bbcenter\u00bb style=\u00bbvc_box_rounded\u00bb][vc_column_text] \u00bfQui\u00e9nes somos? Somos un centro de apoyo que brinda herramientas y recursos a ni\u00f1os y ni\u00f1as<span class=\"excerpt-hellip\"> [\u2026]<\/span><\/p>\n","protected":false},"author":1,"featured_media":0,"parent":0,"menu_order":0,"comment_status":"open","ping_status":"open","template":"","meta":[],"_links":{"self":[{"href":"https:\/\/xn--atreveteasoar-skb.org.uy\/es\/wp-json\/wp\/v2\/pages\/76"}],"collection":[{"href":"https:\/\/xn--atreveteasoar-skb.org.uy\/es\/wp-json\/wp\/v2\/pages"}],"about":[{"href":"https:\/\/xn--atreveteasoar-skb.org.uy\/es\/wp-json\/wp\/v2\/types\/page"}],"author":[{"embeddable":true,"href":"https:\/\/xn--atreveteasoar-skb.org.uy\/es\/wp-json\/wp\/v2\/users\/1"}],"replies":[{"embeddable":true,"href":"https:\/\/xn--atreveteasoar-skb.org.uy\/es\/wp-json\/wp\/v2\/comments?post=76"}],"version-history":[{"count":152,"href":"https:\/\/xn--atreveteasoar-skb.org.uy\/es\/wp-json\/wp\/v2\/pages\/76\/revisions"}],"predecessor-version":[{"id":251,"href":"https:\/\/xn--atreveteasoar-skb.org.uy\/es\/wp-json\/wp\/v2\/pages\/76\/revisions\/251"}],"wp:attachment":[{"href":"https:\/\/xn--atreveteasoar-skb.org.uy\/es\/wp-json\/wp\/v2\/media?parent=76"}],"curies":[{"name":"wp","href":"https:\/\/api.w.org\/{rel}","templated":true}]}}