{"id":76,"date":"2014-10-29T14:55:05","date_gmt":"2014-10-29T14:55:05","guid":{"rendered":"http:\/\/themes.muffingroup.com\/be\/vet\/?page_id=2"},"modified":"2018-07-09T13:23:38","modified_gmt":"2018-07-09T13:23:38","slug":"home","status":"publish","type":"page","link":"https:\/\/xn--atreveteasoar-skb.org.uy\/de\/","title":{"rendered":"Home"},"content":{"rendered":"<section class=\"wpb-content-wrapper\"><p>[vc_row el_id=&#8220;quienes&#8220; css=&#8220;.vc_custom_1503348784010{padding-top: 40px !important;}&#8220;][vc_column width=&#8220;1\/4&#8243;][vc_single_image image=&#8220;186&#8243; img_size=&#8220;300&#215;300&#8243; alignment=&#8220;center&#8220; style=&#8220;vc_box_rounded&#8220;][vc_column_text]<\/p>\n<h3 style=\"text-align: center;\">\u00dcber uns<\/h3>\n<p style=\"text-align: center;\">Unser Schulkinderhort wurde im M\u00e4rz 2013 gegr\u00fcndet und bietet Grundschulkindern Lern- und Hilfsmittel damit sie gute schulische Leistungen erbringen k\u00f6nnen als Grundlage f\u00fcr eine umfassende Entfaltung ihrer Pers\u00f6nlichkeit.<\/p>\n<p>[\/vc_column_text][\/vc_column][vc_column width=&#8220;1\/4&#8243;][vc_single_image image=&#8220;187&#8243; img_size=&#8220;300&#215;300&#8243; alignment=&#8220;center&#8220; style=&#8220;vc_box_rounded&#8220;][vc_column_text]<\/p>\n<h3 style=\"text-align: center;\">Mission:<\/h3>\n<p style=\"text-align: center;\">Wir wollen der sozialen Ungleichheit begegnen indem wir die Kinder dazu motivieren sich Ziele zu setzen und diese auch zu verfolgen und Verantwortung f\u00fcr die Gestaltung der eigenen Zukunft zu \u00fcbernehmen.<\/p>\n<p>[\/vc_column_text][\/vc_column][vc_column width=&#8220;1\/4&#8243;][vc_single_image image=&#8220;305&#8243; img_size=&#8220;300&#215;300&#8243; alignment=&#8220;center&#8220; style=&#8220;vc_box_circle_2&#8243;][vc_column_text]<\/p>\n<h3 style=\"text-align: center;\">Verantwortlich f\u00fcr das Projekt:<\/h3>\n<div class=\"entry-content\">\n<div class=\"section the_content has_content\">\n<div class=\"section_wrapper\">\n<div class=\"the_content_wrapper\">\n<p style=\"text-align: center;\"><strong>Ernst Woelcke<\/strong> \u2013 <em>Pr\u00e4sident der Deutschen Mennonitenkonferenz von Uruguay<\/em><\/p>\n<p style=\"text-align: center;\"><strong>Jonathan Marroqu\u00edn<\/strong> \u2013 <em>Koordinator Atr\u00e9vete a So\u00f1ar<\/em><\/p>\n<\/div>\n<\/div>\n<\/div>\n<\/div>\n<div class=\"section section-post-footer\"><\/div>\n<p>[\/vc_column_text][\/vc_column][vc_column width=&#8220;1\/4&#8243;][vc_single_image image=&#8220;388&#8243; img_size=&#8220;300&#215;300&#8243; alignment=&#8220;center&#8220; style=&#8220;vc_box_circle_2&#8243;][vc_column_text]<\/p>\n<h3 style=\"text-align: center;\">Direktor von Atr\u00e9vete a so\u00f1ar.<\/h3>\n<div class=\"entry-content\">\n<div class=\"section the_content has_content\">\n<div class=\"section_wrapper\">\n<div class=\"the_content_wrapper\">\n<p style=\"text-align: center;\"><strong>Christa Penner.<\/strong><\/p>\n<\/div>\n<\/div>\n<\/div>\n<\/div>\n<p>[\/vc_column_text][\/vc_column][\/vc_row][vc_row full_width=&#8220;stretch_row_content_no_spaces&#8220; parallax=&#8220;content-moving&#8220; parallax_image=&#8220;300&#8243;][vc_column][vc_custom_heading text=&#8220;Vision:<br \/>\nWir wollen dazu beitragen eine gesunde und starke Gesellschaft zu formen durch Ver\u00e4nderung der Gedanken.<\/p>\n<p>&#8220; font_container=&#8220;tag:h3|text_align:center|color:%23ffffff&#8220; use_theme_fonts=&#8220;yes&#8220; css=&#8220;.vc_custom_1511205306131{padding-top: 60px !important;padding-right: 0px !important;padding-bottom: 60px !important;padding-left: 0px !important;}&#8220;][\/vc_column][\/vc_row][vc_row full_width=&#8220;stretch_row&#8220; el_id=&#8220;que&#8220; css=&#8220;.vc_custom_1510953989878{padding-top: 40px !important;background-color: #ffffff !important;}&#8220;][vc_column width=&#8220;1\/3&#8243;][vc_single_image image=&#8220;189&#8243; img_size=&#8220;&#8220; alignment=&#8220;center&#8220;][\/vc_column][vc_column width=&#8220;1\/3&#8243;][vc_column_text]<\/p>\n<h3 style=\"text-align: center;\">Was machen wir?<\/h3>\n<p>Allgemeines Ziel:\u00a0 \u00a0 Wir helfen den Kindern ihre F\u00e4higkeiten und Fertigkeiten zu entwickeln indem wir ihnen bei der Bew\u00e4ltigung der Schulaufgaben helfen und ausserschulische Aktivit\u00e4ten anbieten durch die sie verschiedene Ausdrucksformen und Lernmethoden kennenlernen.[\/vc_column_text][\/vc_column][vc_column width=&#8220;1\/3&#8243;][vc_single_image image=&#8220;120&#8243; img_size=&#8220;&#8220;][\/vc_column][\/vc_row][vc_row css=&#8220;.vc_custom_1511282887652{padding-top: 40px !important;}&#8220; el_id=&#8220;actividadesytalleres&#8220;][vc_column width=&#8220;1\/3&#8243;][vc_column_text]<\/p>\n<h3>Aktivit\u00e4ten und Workshops:<\/h3>\n<ul>\n<li>Schulaufgaben<\/li>\n<li>Lesen und Schreiben sowie m\u00fcndliche Ausdrucksf\u00e4higkeit<\/li>\n<li>Logisch-mathematisches Denken<\/li>\n<li>Bildnerische Ausdrucksm\u00f6glichkeiten<\/li>\n<li>Werkunterricht<\/li>\n<li>Kochen und Backen<\/li>\n<li>Gem\u00fcsegarten<\/li>\n<li>Spiele und Freizeitgestaltung<\/li>\n<li>Biblische Lehre\/Werte<\/li>\n<li>Ausfl\u00fcge und besondere Veranstaltungen<\/li>\n<\/ul>\n<p>[\/vc_column_text][\/vc_column][vc_column width=&#8220;2\/3&#8243;][vc_video link=&#8220;https:\/\/youtu.be\/24wFMdiiNE0&#8243; align=&#8220;center&#8220;][\/vc_column][\/vc_row][vc_row full_width=&#8220;stretch_row&#8220; css=&#8220;.vc_custom_1511282960410{padding-top: 40px !important;background-color: #1b75bc !important;}&#8220; el_id=&#8220;objetivos&#8220;][vc_column width=&#8220;1\/3&#8243;][vc_column_text]<\/p>\n<h3 style=\"text-align: right;\"><span style=\"color: #ffffff;\">Einflussbereich:<\/span><\/h3>\n<p style=\"text-align: right;\"><span style=\"color: #ffffff;\">Kinder im Grundschulalter mit Lernschwierigkeiten, deren Eltern nicht in der Lage sind, ihnen zu helfen. Wir wollen sie bei der Entwicklung von F\u00e4higkeiten und Verhaltensweisen unterst\u00fctzen, die sie brauchen um in der Schule voranzukommen, eine gesunde Pers\u00f6nlichkeitsentwicklung zu erreichen und sich auf diese Weise positiv in die Gesellschaft integrieren zu k\u00f6nnen.<\/span><\/p>\n<p>[\/vc_column_text][\/vc_column][vc_column width=&#8220;1\/3&#8243;][vc_single_image image=&#8220;188&#8243; img_size=&#8220;full&#8220; alignment=&#8220;center&#8220;][\/vc_column][vc_column width=&#8220;1\/3&#8243;][vc_column_text]<\/p>\n<h3 style=\"text-align: left;\"><span style=\"color: #ffffff;\">Spezifische Ziele:<\/span><\/h3>\n<ul>\n<li style=\"text-align: left;\"><span style=\"color: #ffffff;\">F\u00f6rderung eines zielgerichteten Lebensstils. <\/span><\/li>\n<li style=\"text-align: left;\"><span style=\"color: #ffffff;\">Freude am Lernen und Tun entwickeln. <\/span><\/li>\n<li style=\"text-align: left;\"><span style=\"color: #ffffff;\">Ein Gef\u00fchl f\u00fcr Verantwortung, Anstrengungsbereitschaft und Durchhalteverm\u00f6gen entwickeln. <\/span><\/li>\n<li style=\"text-align: left;\"><span style=\"color: #ffffff;\">Familiensinn, Liebe und Gehorsam best\u00e4rken. <\/span><\/li>\n<li style=\"text-align: left;\"><span style=\"color: #ffffff;\">Eine respektvolle und zuvorkommende Haltung gegen\u00fcber anderen Personen f\u00f6rdern. <\/span><\/li>\n<li style=\"text-align: left;\"><span style=\"color: #ffffff;\">Friedfertige Konfliktl\u00f6sung ein\u00fcben.<\/span><\/li>\n<\/ul>\n<p>[\/vc_column_text][\/vc_column][\/vc_row][vc_row full_width=&#8220;stretch_row_content&#8220;][vc_column][vc_masonry_media_grid style=&#8220;lazy&#8220; items_per_page=&#8220;4&#8243; element_width=&#8220;2&#8243; gap=&#8220;0&#8243; item=&#8220;mediaGrid_Default&#8220; initial_loading_animation=&#8220;fadeIn&#8220; grid_id=&#8220;vc_gid:1531142580547-eb4d63a8-feed-2&#8243; include=&#8220;158,157,156,155,154,153,152,146,147,148,150,151,145,144,143,142,161,141&#8243;][\/vc_column][\/vc_row][vc_row full_width=&#8220;stretch_row&#8220; parallax=&#8220;content-moving&#8220; parallax_image=&#8220;300&#8243; css=&#8220;.vc_custom_1510956316341{padding-top: 40px !important;background-color: #ffffff !important;}&#8220; el_id=&#8220;donar&#8220;][vc_column width=&#8220;1\/3&#8243;][vc_custom_heading text=&#8220;Sie k\u00f6nnen Teil des Projekts sein&#8220; font_container=&#8220;tag:h2|text_align:center|color:%23ffffff&#8220; use_theme_fonts=&#8220;yes&#8220;][\/vc_column][vc_column width=&#8220;1\/3&#8243;][vc_column_text]<\/p>\n<p style=\"text-align: center;\"><span style=\"color: #ffffff;\">Wir bieten Ihnen die M\u00f6glichkeit uns bei der Arbeit zu begleiten um den Kindern von Shangril\u00e1 \u2013 Ciudad de la Costa, Hoffnung und Tr\u00e4ume zu vermitteln.<\/span><\/p>\n<p style=\"text-align: center;\"><span style=\"color: #ffffff;\">Egal ob sie hier oder im Ausland leben, jetzt k\u00f6nnen Sie \u00fcber Paypal mit ihrer Kredit- oder Debitkarte spenden. Ebenso auch pers\u00f6nlich in unserem Schulkinderhort.<\/span><\/p>\n<p>[\/vc_column_text][\/vc_column][vc_column width=&#8220;1\/3&#8243;][vc_column_text]<\/p>\n<form action=\"https:\/\/www.paypal.com\/cgi-bin\/webscr\" method=\"post\" target=\"_top\"><input name=\"cmd\" type=\"hidden\" value=\"_s-xclick\" \/><br \/>\n<input name=\"encrypted\" type=\"hidden\" value=\"-----BEGIN PKCS7-----MIIHfwYJKoZIhvcNAQcEoIIHcDCCB2wCAQExggEwMIIBLAIBADCBlDCBjjELMAkGA1UEBhMCVVMxCzAJBgNVBAgTAkNBMRYwFAYDVQQHEw1Nb3VudGFpbiBWaWV3MRQwEgYDVQQKEwtQYXlQYWwgSW5jLjETMBEGA1UECxQKbGl2ZV9jZXJ0czERMA8GA1UEAxQIbGl2ZV9hcGkxHDAaBgkqhkiG9w0BCQEWDXJlQHBheXBhbC5jb20CAQAwDQYJKoZIhvcNAQEBBQAEgYBOI5cjh\/kY6i5NMnp42a2kEKyBlC2Qq262Owlp1U6j0U2dh3dfNBbGc77oDxECmQtnYmCbyQ3LPkXLbzCcLnNBH+2nTzu+E4Mw4LkFMEKZInGtmHMbeCi\/tr1BhisuMI6r8ADjT543VUggDTduR6yiZyfbV0B\/rEoJUGOLUmLlZTELMAkGBSsOAwIaBQAwgfwGCSqGSIb3DQEHATAUBggqhkiG9w0DBwQIVoE1hC6baaCAgdgA\/d6G8ApRcuHXmqJxv8a26UtlBf6PQ+mV5MrESDp5ueSuIcoVqAPR8fZQElHzu8phvn6uTCS1JiavXFzudOfhPb0BZPl7NTP+dE1t3hc9Oe5QMk8m343lNPJZtOGxsFyi04vUsHf5TDbeMAziTwHnpmkO1cQlUFJ0MuTDBNMLwclRB2\/2GEORUJhe3r8u++JUuNrn1i10RCQV0cPg2mcQ5A0aGuQy\/7mOHUovWWT1rSxSSbHHpEt04xG5tWiwVEpiaYX8UkUmpDj1qEVkKo8uoKp3mhlwsCCgggOHMIIDgzCCAuygAwIBAgIBADANBgkqhkiG9w0BAQUFADCBjjELMAkGA1UEBhMCVVMxCzAJBgNVBAgTAkNBMRYwFAYDVQQHEw1Nb3VudGFpbiBWaWV3MRQwEgYDVQQKEwtQYXlQYWwgSW5jLjETMBEGA1UECxQKbGl2ZV9jZXJ0czERMA8GA1UEAxQIbGl2ZV9hcGkxHDAaBgkqhkiG9w0BCQEWDXJlQHBheXBhbC5jb20wHhcNMDQwMjEzMTAxMzE1WhcNMzUwMjEzMTAxMzE1WjCBjjELMAkGA1UEBhMCVVMxCzAJBgNVBAgTAkNBMRYwFAYDVQQHEw1Nb3VudGFpbiBWaWV3MRQwEgYDVQQKEwtQYXlQYWwgSW5jLjETMBEGA1UECxQKbGl2ZV9jZXJ0czERMA8GA1UEAxQIbGl2ZV9hcGkxHDAaBgkqhkiG9w0BCQEWDXJlQHBheXBhbC5jb20wgZ8wDQYJKoZIhvcNAQEBBQADgY0AMIGJAoGBAMFHTt38RMxLXJyO2SmS+Ndl72T7oKJ4u4uw+6awntALWh03PewmIJuzbALScsTS4sZoS1fKciBGoh11gIfHzylvkdNe\/hJl66\/RGqrj5rFb08sAABNTzDTiqqNpJeBsYs\/c2aiGozptX2RlnBktH+SUNpAajW724Nv2Wvhif6sFAgMBAAGjge4wgeswHQYDVR0OBBYEFJaffLvGbxe9WT9S1wob7BDWZJRrMIG7BgNVHSMEgbMwgbCAFJaffLvGbxe9WT9S1wob7BDWZJRroYGUpIGRMIGOMQswCQYDVQQGEwJVUzELMAkGA1UECBMCQ0ExFjAUBgNVBAcTDU1vdW50YWluIFZpZXcxFDASBgNVBAoTC1BheVBhbCBJbmMuMRMwEQYDVQQLFApsaXZlX2NlcnRzMREwDwYDVQQDFAhsaXZlX2FwaTEcMBoGCSqGSIb3DQEJARYNcmVAcGF5cGFsLmNvbYIBADAMBgNVHRMEBTADAQH\/MA0GCSqGSIb3DQEBBQUAA4GBAIFfOlaagFrl71+jq6OKidbWFSE+Q4FqROvdgIONth+8kSK\/\/Y\/4ihuE4Ymvzn5ceE3S\/iBSQQMjyvb+s2TWbQYDwcp129OPIbD9epdr4tJOUNiSojw7BHwYRiPh58S1xGlFgHFXwrEBb3dgNbMUa+u4qectsMAXpVHnD9wIyfmHMYIBmjCCAZYCAQEwgZQwgY4xCzAJBgNVBAYTAlVTMQswCQYDVQQIEwJDQTEWMBQGA1UEBxMNTW91bnRhaW4gVmlldzEUMBIGA1UEChMLUGF5UGFsIEluYy4xEzARBgNVBAsUCmxpdmVfY2VydHMxETAPBgNVBAMUCGxpdmVfYXBpMRwwGgYJKoZIhvcNAQkBFg1yZUBwYXlwYWwuY29tAgEAMAkGBSsOAwIaBQCgXTAYBgkqhkiG9w0BCQMxCwYJKoZIhvcNAQcBMBwGCSqGSIb3DQEJBTEPFw0xODA3MDUxNDU0MzFaMCMGCSqGSIb3DQEJBDEWBBT32qL8zMuXkkGUs2yIyYLuCAPhADANBgkqhkiG9w0BAQEFAASBgGf2sHW+ije0hPCRixkkhd8s1w1QTjl+Rj4EZOMgxh42\/rG62WPFiAJ\/\/Z9scDzsEwidWjl9WlY9OCSvsjJYD8wT\/r4XjnYQemldvEzy7h9wN\/PXqhGavu8zgQidr4H0oA+XVzwLrb7JPdHUF5uJ5fki0560Z4uasL58iW2ceEm7-----END PKCS7----- \" \/><br \/>\n<input alt=\"PayPal \u2013 The safer, easier way to pay online!\" name=\"submit\" src=\"https:\/\/www.paypalobjects.com\/en_US\/GB\/i\/btn\/btn_donateCC_LG.gif\" type=\"image\" \/><br \/>\n<img decoding=\"async\" loading=\"lazy\" src=\"https:\/\/www.paypalobjects.com\/es_XC\/i\/scr\/pixel.gif\" alt=\"\" width=\"1\" height=\"1\" border=\"0\" \/><\/form>\n<p>[\/vc_column_text][\/vc_column][\/vc_row][vc_row css=&#8220;.vc_custom_1508358845913{padding-top: 40px !important;}&#8220; el_id=&#8220;contacto&#8220;][vc_column width=&#8220;1\/4&#8243;][vc_column_text]<\/p>\n<h3 class=\"title\" style=\"text-align: center;\">Kontaktieren Sie uns<\/h3>\n<div class=\"inside\" style=\"text-align: center;\">Wir warten auf Ihren Kontakt und wir werden Ihnen in K\u00fcrze antworten<\/div>\n<p>[\/vc_column_text][vc_column_text]<div class=\"list_item lists_5 clearfix\"><div class=\"list_left list_icon\"><i class=\"icon-mail-line\"><\/i><\/div><div class=\"list_right\"><h4>e-mail<\/h4><div class=\"desc\">info@atreveteaso\u00f1ar.org.uy<\/div><\/div><\/div>\n<br \/>\n<div class=\"list_item lists_6 clearfix\"><div class=\"list_left list_icon\"><i class=\"icon-comment-line\"><\/i><\/div><div class=\"list_right\"><h4>Sie k\u00f6nnen uns anrufen<\/h4><div class=\"desc\">+99 511 367<\/div><\/div><\/div>\n<br \/>\n<div class=\"list_item lists_6 clearfix\"><div class=\"list_left list_icon\"><i class=\"icon-doc-line\"><\/i><\/div><div class=\"list_right\"><h4>allgemeine Adresse<\/h4><div class=\"desc\">San Luis entre Avda. Uruguay y Par\u00eds &#8211; Shangril\u00e1 &#8211; Ciudad de la Costa<\/div><\/div><\/div>\n[\/vc_column_text][\/vc_column][vc_column width=&#8220;2\/6&#8243;][vc_column_text]\n<div class=\"wpcf7 no-js\" id=\"wpcf7-f344-o3\" lang=\"es-ES\" dir=\"ltr\">\n<div class=\"screen-reader-response\"><p role=\"status\" aria-live=\"polite\" aria-atomic=\"true\"><\/p> <ul><\/ul><\/div>\n<form action=\"\/de\/wp-json\/wp\/v2\/pages\/76#wpcf7-f344-o3\" method=\"post\" class=\"wpcf7-form init\" aria-label=\"Formulario de contacto\" novalidate=\"novalidate\" data-status=\"init\">\n<div style=\"display: none;\">\n<input type=\"hidden\" name=\"_wpcf7\" value=\"344\" \/>\n<input type=\"hidden\" name=\"_wpcf7_version\" value=\"5.7.7\" \/>\n<input type=\"hidden\" name=\"_wpcf7_locale\" value=\"es_ES\" \/>\n<input type=\"hidden\" name=\"_wpcf7_unit_tag\" value=\"wpcf7-f344-o3\" \/>\n<input type=\"hidden\" name=\"_wpcf7_container_post\" value=\"0\" \/>\n<input type=\"hidden\" name=\"_wpcf7_posted_data_hash\" value=\"\" \/>\n<\/div>\n<p><label> Vor- und Nachname (erforderlich)<br \/>\n<span class=\"wpcf7-form-control-wrap\" data-name=\"your-name\"><input size=\"40\" class=\"wpcf7-form-control wpcf7-text wpcf7-validates-as-required\" aria-required=\"true\" aria-invalid=\"false\" value=\"\" type=\"text\" name=\"your-name\" \/><\/span> <\/label>\n<\/p>\n<p><label> Telefon (erforderlich)<br \/>\n<span class=\"wpcf7-form-control-wrap\" data-name=\"tel-371\"><input size=\"40\" class=\"wpcf7-form-control wpcf7-text wpcf7-tel wpcf7-validates-as-required wpcf7-validates-as-tel\" aria-required=\"true\" aria-invalid=\"false\" value=\"\" type=\"tel\" name=\"tel-371\" \/><\/span><\/label>\n<\/p>\n<p><label> E-mail (erforderlich)<br \/>\n<span class=\"wpcf7-form-control-wrap\" data-name=\"your-email\"><input size=\"40\" class=\"wpcf7-form-control wpcf7-text wpcf7-email wpcf7-validates-as-required wpcf7-validates-as-email\" aria-required=\"true\" aria-invalid=\"false\" value=\"\" type=\"email\" name=\"your-email\" \/><\/span> <\/label>\n<\/p>\n<p><label> Gegenstand<br \/>\n<span class=\"wpcf7-form-control-wrap\" data-name=\"your-subject\"><input size=\"40\" class=\"wpcf7-form-control wpcf7-text\" aria-invalid=\"false\" value=\"\" type=\"text\" name=\"your-subject\" \/><\/span> <\/label>\n<\/p>\n<p><label> Botschaft<br \/>\n<span class=\"wpcf7-form-control-wrap\" data-name=\"your-message\"><textarea cols=\"40\" rows=\"10\" class=\"wpcf7-form-control wpcf7-textarea\" aria-invalid=\"false\" name=\"your-message\"><\/textarea><\/span> <\/label>\n<\/p>\n<p><input class=\"wpcf7-form-control has-spinner wpcf7-submit\" type=\"submit\" value=\"Senden\" \/>\n<\/p><div class=\"wpcf7-response-output\" aria-hidden=\"true\"><\/div>\n<\/form>\n<\/div>\n[\/vc_column_text][\/vc_column][vc_column width=&#8220;2\/6&#8243;][vc_column_text]<iframe loading=\"lazy\" style=\"border: 0;\" src=\"https:\/\/www.google.com\/maps\/embed?pb=!1m18!1m12!1m3!1d3274.445064187734!2d-56.000983584763866!3d-34.845042680397654!2m3!1f0!2f0!3f0!3m2!1i1024!2i768!4f13.1!3m3!1m2!1s0x959f885f61e0effd%3A0xb979b24be4b0ce01!2zQXRyw6l2ZXRlIGEgU2_DsWFy!5e0!3m2!1ses-419!2s!4v1497542091696\" width=\"600\" height=\"500\" frameborder=\"0\" allowfullscreen=\"allowfullscreen\"><\/iframe>[\/vc_column_text][\/vc_column][\/vc_row][vc_row full_width=&#8220;stretch_row&#8220; css=&#8220;.vc_custom_1510956753444{padding-top: 40px !important;background-color: #00a79d !important;}&#8220;][vc_column width=&#8220;1\/3&#8243;][vc_single_image image=&#8220;297&#8243; img_size=&#8220;medium&#8220;][\/vc_column][vc_column width=&#8220;1\/3&#8243;][vc_column_text]<span style=\"color: #ffffff;\"><em>Start des Projekts im Jahr 2013<\/em><\/span><\/p>\n<p><span style=\"color: #ffffff;\"><strong>Ge\u00f6ffnet<\/strong>: Februar bis Dezember<\/span><\/p>\n<p><span style=\"color: #ffffff;\"><strong>Uhrzeiten<\/strong>: Montag bis Freitag 10.00 \u2013 12.00 und 13.00 \u2013 17.00 Uhr<\/span>[\/vc_column_text][\/vc_column][vc_column width=&#8220;1\/3&#8243;][vc_column_text]<span style=\"color: #ffffff;\">Unterst\u00fctzt von: Evangelical Mennonite Church<\/span><\/p>\n<p><span style=\"color: #ffffff;\">Wir bieten Ihnen die M\u00f6glichkeit von <a style=\"color: #ffffff;\" href=\"#donar\">DONATE<\/a>, um das Projekt weiter auszubauen und zu unterst\u00fctzen.<\/span>[\/vc_column_text][\/vc_column][\/vc_row]<\/p>\n<\/section>","protected":false},"excerpt":{"rendered":"<p>[vc_row el_id=&#8220;quienes&#8220; css=&#8220;.vc_custom_1503348784010{padding-top: 40px !important;}&#8220;][vc_column width=&#8220;1\/4&#8243;][vc_single_image image=&#8220;186&#8243; img_size=&#8220;300&#215;300&#8243; alignment=&#8220;center&#8220; style=&#8220;vc_box_rounded&#8220;][vc_column_text] \u00dcber uns Unser Schulkinderhort wurde im M\u00e4rz 2013 gegr\u00fcndet und bietet Grundschulkindern Lern- und Hilfsmittel damit<span class=\"excerpt-hellip\"> [\u2026]<\/span><\/p>\n","protected":false},"author":1,"featured_media":0,"parent":0,"menu_order":0,"comment_status":"open","ping_status":"open","template":"","meta":[],"_links":{"self":[{"href":"https:\/\/xn--atreveteasoar-skb.org.uy\/de\/wp-json\/wp\/v2\/pages\/76"}],"collection":[{"href":"https:\/\/xn--atreveteasoar-skb.org.uy\/de\/wp-json\/wp\/v2\/pages"}],"about":[{"href":"https:\/\/xn--atreveteasoar-skb.org.uy\/de\/wp-json\/wp\/v2\/types\/page"}],"author":[{"embeddable":true,"href":"https:\/\/xn--atreveteasoar-skb.org.uy\/de\/wp-json\/wp\/v2\/users\/1"}],"replies":[{"embeddable":true,"href":"https:\/\/xn--atreveteasoar-skb.org.uy\/de\/wp-json\/wp\/v2\/comments?post=76"}],"version-history":[{"count":152,"href":"https:\/\/xn--atreveteasoar-skb.org.uy\/de\/wp-json\/wp\/v2\/pages\/76\/revisions"}],"predecessor-version":[{"id":251,"href":"https:\/\/xn--atreveteasoar-skb.org.uy\/de\/wp-json\/wp\/v2\/pages\/76\/revisions\/251"}],"wp:attachment":[{"href":"https:\/\/xn--atreveteasoar-skb.org.uy\/de\/wp-json\/wp\/v2\/media?parent=76"}],"curies":[{"name":"wp","href":"https:\/\/api.w.org\/{rel}","templated":true}]}}